{"id":3907,"date":"2022-10-21T23:02:28","date_gmt":"2022-10-21T23:02:28","guid":{"rendered":"https:\/\/kindred.com.co\/?page_id=3907"},"modified":"2022-10-22T01:26:05","modified_gmt":"2022-10-22T01:26:05","slug":"javeriana","status":"publish","type":"page","link":"https:\/\/kindredglobal.org\/es\/javeriana\/","title":{"rendered":"Javeriana"},"content":{"rendered":"<div id=\"fws_69f3608053f47\"  data-column-margin=\"default\" data-midnight=\"dark\"  class=\"wpb_row vc_row-fluid vc_row full-width-content  vc_row-o-equal-height vc_row-flex  vc_row-o-content-middle standard_section\"  style=\"padding-top: 0px; padding-bottom: 0px; \"><div class=\"row-bg-wrap\" data-bg-animation=\"none\" data-bg-overlay=\"false\"><div class=\"inner-wrap\"><div class=\"row-bg using-bg-color\"  style=\"background-color: #ffffff; \"><\/div><\/div><div class=\"row-bg-overlay\" ><\/div><\/div><div class=\"row_col_wrap_12 col span_12 dark left\">\n\t<div style=\"\" class=\"vc_col-sm-6 wpb_column column_container vc_column_container col padding-10-percent inherit_tablet inherit_phone\" data-using-bg=\"true\" data-t-w-inherits=\"default\" data-bg-cover=\"\" data-padding-pos=\"all\" data-has-bg-color=\"true\" data-bg-color=\"#f4f4f4\" data-bg-opacity=\"1\" data-hover-bg=\"\" data-hover-bg-opacity=\"1\" data-animation=\"\" data-delay=\"0\" >\n\t\t<div class=\"vc_column-inner\" ><div class=\"column-bg-overlay-wrap\" data-bg-animation=\"none\"><div class=\"column-bg-overlay\" style=\"opacity: 1; background-color: #f4f4f4;\"><\/div><\/div>\n\t\t\t<div class=\"wpb_wrapper\">\n\t\t\t\t<div id=\"fws_69f3608054ef1\" data-midnight=\"\" data-column-margin=\"default\" class=\"wpb_row vc_row-fluid vc_row inner_row standard_section\"  style=\"padding-top: 0px; padding-bottom: 0px; \"><div class=\"row-bg-wrap\"> <div class=\"row-bg\" ><\/div> <\/div><div class=\"row_col_wrap_12_inner col span_12  left\">\n\t<div  class=\"vc_col-sm-12 wpb_column column_container vc_column_container col child_column has-animation no-extra-padding inherit_tablet inherit_phone\"   data-t-w-inherits=\"default\" data-bg-cover=\"\" data-padding-pos=\"all\" data-has-bg-color=\"false\" data-bg-color=\"\" data-bg-opacity=\"1\" data-hover-bg=\"\" data-hover-bg-opacity=\"1\" data-animation=\"fade-in-from-bottom\" data-delay=\"0\">\n\t\t<div class=\"vc_column-inner\" ><div class=\"column-bg-overlay-wrap\" data-bg-animation=\"none\"><div class=\"column-bg-overlay\"><\/div><\/div>\n\t\t<div class=\"wpb_wrapper\">\n\t\t\t<h2 style=\"font-size: 40px;line-height: 50px;text-align: left\" class=\"vc_custom_heading\" >Fortalecimiento de Capacidades: Salud Mental Comunitaria<\/h2><h5 style=\"color: #bfbfbf;line-height: 1.2em;text-align: left\" class=\"vc_custom_heading vc_custom_1666393160832\" >Taller de Salud Mental Comunitaria en Colombia<\/h5><div class=\"divider-wrap\" data-alignment=\"default\"><div style=\"height: 25px;\" class=\"divider\"><\/div><\/div><p style=\"color: rgba(10,10,10,0.6);text-align: left\" class=\"vc_custom_heading\" >En conjunto con el Departamento de Psiquiatr\u00eda de la Universidad Javeriana, en Agosto de 2022 ofrecimos un taller de dos d\u00edas en Bogot\u00e1, Colombia, titulado: Trabajando con las comunidades: pr\u00e1cticas e iniciativas de salud mental comunitaria. Pensado como un espacio introductorio en torno a la salud mental comunitaria, combinamos elementos te\u00f3ricos y pr\u00e1cticos, con un fuerte \u00e9nfasis en c\u00f3mo trabajar con las comunidades.<\/p><p style=\"color: rgba(10,10,10,0.6);text-align: left\" class=\"vc_custom_heading\" >Empezamos compartiendo algunas caracter\u00edsticas de la salud mental comunitaria, tales como el foco que se le da a la comunidad, m\u00e1s que al individuo, as\u00ed como el papel activo de las comunidades en la definici\u00f3n del lenguaje y los m\u00e9todos. Despu\u00e9s explicamos nuestro enfoque de desarrollo, aclarando c\u00f3mo en todo momento trabajamos en colaboraci\u00f3n con especialistas cl\u00ednicos. Presentamos seis conceptos para describir el enfoque de desarrollo: derechos humanos; concientizaci\u00f3n; medios de vida; involucramiento comunitario; equidad e interculturalidad.<\/p>\n\t\t<\/div> \n\t<\/div>\n\t<\/div> \n<\/div><\/div>\n\t\t\t<\/div> \n\t\t<\/div>\n\t<\/div> \n\n\t<div style=\"\" class=\"vc_col-sm-6 wpb_column column_container vc_column_container col no-extra-padding inherit_tablet inherit_phone\" data-using-bg=\"true\" data-t-w-inherits=\"default\" data-bg-cover=\"true\" data-padding-pos=\"all\" data-has-bg-color=\"false\" data-bg-color=\"\" data-bg-opacity=\"1\" data-hover-bg=\"\" data-hover-bg-opacity=\"1\" data-animation=\"\" data-delay=\"0\" >\n\t\t<div class=\"vc_column-inner\" ><div class=\"column-image-bg-wrap\" data-bg-pos=\"center center\" data-bg-animation=\"none\" data-bg-overlay=\"false\"><div class=\"inner-wrap\"><div class=\"column-image-bg\" style=\" background-image: url('https:\/\/kindredglobal.org\/wp-content\/uploads\/2022\/10\/Javeriana.jpg'); \"><\/div><\/div><\/div><div class=\"column-bg-overlay-wrap\" data-bg-animation=\"none\"><div class=\"column-bg-overlay\"><\/div><\/div>\n\t\t\t<div class=\"wpb_wrapper\">\n\t\t\t\t\n\t\t\t<\/div> \n\t\t<\/div>\n\t<\/div> \n<\/div><\/div>\n\t\t<div id=\"fws_69f3608056e90\"  data-column-margin=\"default\" data-midnight=\"dark\"  class=\"wpb_row vc_row-fluid vc_row full-width-content  vc_row-o-equal-height vc_row-flex  vc_row-o-content-middle standard_section\"  style=\"padding-top: 0px; padding-bottom: 0px; \"><div class=\"row-bg-wrap\" data-bg-animation=\"none\" data-bg-overlay=\"false\"><div class=\"inner-wrap\"><div class=\"row-bg\"  style=\"\"><\/div><\/div><div class=\"row-bg-overlay\" ><\/div><\/div><div class=\"row_col_wrap_12 col span_12 dark left\">\n\t<div style=\"\" class=\"vc_col-sm-6 wpb_column column_container vc_column_container col no-extra-padding inherit_tablet inherit_phone\" data-using-bg=\"true\" data-t-w-inherits=\"default\" data-bg-cover=\"true\" data-padding-pos=\"all\" data-has-bg-color=\"false\" data-bg-color=\"\" data-bg-opacity=\"1\" data-hover-bg=\"\" data-hover-bg-opacity=\"1\" data-animation=\"\" data-delay=\"0\" >\n\t\t<div class=\"vc_column-inner\" ><div class=\"column-image-bg-wrap\" data-bg-pos=\"center center\" data-bg-animation=\"none\" data-bg-overlay=\"false\"><div class=\"inner-wrap\"><div class=\"column-image-bg\" style=\" background-image: url('https:\/\/kindredglobal.org\/wp-content\/uploads\/2022\/03\/group.jpg'); \"><\/div><\/div><\/div><div class=\"column-bg-overlay-wrap\" data-bg-animation=\"none\"><div class=\"column-bg-overlay\"><\/div><\/div>\n\t\t\t<div class=\"wpb_wrapper\">\n\t\t\t\t\n\t\t\t<\/div> \n\t\t<\/div>\n\t<\/div> \n\n\t<div style=\"\" class=\"vc_col-sm-6 wpb_column column_container vc_column_container col padding-10-percent inherit_tablet inherit_phone\" data-using-bg=\"true\" data-t-w-inherits=\"default\" data-bg-cover=\"\" data-padding-pos=\"all\" data-has-bg-color=\"true\" data-bg-color=\"#ffffff\" data-bg-opacity=\"1\" data-hover-bg=\"\" data-hover-bg-opacity=\"1\" data-animation=\"\" data-delay=\"0\" >\n\t\t<div class=\"vc_column-inner\" ><div class=\"column-bg-overlay-wrap\" data-bg-animation=\"none\"><div class=\"column-bg-overlay\" style=\"opacity: 1; background-color: #ffffff;\"><\/div><\/div>\n\t\t\t<div class=\"wpb_wrapper\">\n\t\t\t\t<div id=\"fws_69f36080574af\" data-midnight=\"\" data-column-margin=\"default\" class=\"wpb_row vc_row-fluid vc_row inner_row standard_section\"  style=\"padding-top: 0px; padding-bottom: 0px; \"><div class=\"row-bg-wrap\"> <div class=\"row-bg\" ><\/div> <\/div><div class=\"row_col_wrap_12_inner col span_12  left\">\n\t<div  class=\"vc_col-sm-12 wpb_column column_container vc_column_container col child_column has-animation no-extra-padding inherit_tablet inherit_phone\"   data-t-w-inherits=\"default\" data-bg-cover=\"\" data-padding-pos=\"all\" data-has-bg-color=\"false\" data-bg-color=\"\" data-bg-opacity=\"1\" data-hover-bg=\"\" data-hover-bg-opacity=\"1\" data-animation=\"fade-in-from-bottom\" data-delay=\"0\">\n\t\t<div class=\"vc_column-inner\" ><div class=\"column-bg-overlay-wrap\" data-bg-animation=\"none\"><div class=\"column-bg-overlay\"><\/div><\/div>\n\t\t<div class=\"wpb_wrapper\">\n\t\t\t<p style=\"color: rgba(10,10,10,0.6);text-align: left\" class=\"vc_custom_heading\" >Una vez introducidos estos fundamentos, presentamos las siguientes cuatro categor\u00edas de salud mental comunitaria, y ejemplos para cada una de ellas:<\/p><div class=\"nectar-fancy-ul\" data-list-icon=\"icon-salient-thin-line\" data-animation=\"false\" data-animation-delay=\"0\" data-color=\"accent-color\" data-spacing=\"default\" data-alignment=\"left\"> \n<ul>\n<li>Iniciativas impulsadas por las comunidades como <strong>respuesta a un problema espec\u00edfico<\/strong><\/li>\n<li>Iniciativas que ofrecen <strong>maneras de acceder a mecanismos de apoyo<\/strong> que no requieren presentarse inicialmente en una cl\u00ednica<\/li>\n<li><strong>Iniciativas <\/strong>que buscan generar <strong>conciencia <\/strong>e intercambio de conocimientos<\/li>\n<li>Iniciativas centradas en <strong>aumentar el alcance o cobertura <\/strong>de los servicios<\/li>\n<\/ul>\n <\/div><p style=\"color: rgba(10,10,10,0.6);text-align: left\" class=\"vc_custom_heading\" >Esta fue una forma interesante de fomentar un an\u00e1lisis grupal sobre las posibilidades y limitaciones de los diferentes modelos e iniciativas. El Mosaico de Facilitaci\u00f3n tambi\u00e9n fue una de las herramientas que compartimos con los participantes, como una forma de presentar las lecciones que hemos aprendido sobre c\u00f3mo trabajar con las comunidades. Finalmente, los participantes trabajaron en grupos para dise\u00f1ar un proyecto o iniciativa de salud mental comunitaria, desarrollando la Teor\u00eda del Cambio y el Modelo L\u00f3gico.<\/p><p style=\"color: rgba(10,10,10,0.6);text-align: left\" class=\"vc_custom_heading\" >Fue una experiencia enriquecedora contar con participantes de diferentes disciplinas y bagajes. A partir de esta experiencia estamos planeando lanzar un Diplomado en Salud Mental Comunitaria con la Universidad Javeriana durante el primer semestre de 2023. \u00a1Estaremos compartiendo m\u00e1s informaci\u00f3n!<\/p>\n\t\t<\/div> \n\t<\/div>\n\t<\/div> \n<\/div><\/div>\n\t\t\t<\/div> \n\t\t<\/div>\n\t<\/div> \n<\/div><\/div>","protected":false},"excerpt":{"rendered":"Strengthening Capacities: Community Mental HealthCommunity Mental Health Workshop in ColombiaIn conjunction with the Psychiatry Department of Javeriana University, we offered a two-day workshop in August 2022 in Bogot\u00e1, Colombia, titled:...","protected":false},"author":1,"featured_media":3910,"parent":0,"menu_order":0,"comment_status":"closed","ping_status":"closed","template":"","meta":{"footnotes":""},"class_list":["post-3907","page","type-page","status-publish","has-post-thumbnail"],"yoast_head":"<!-- This site is optimized with the Yoast SEO plugin v27.4 - https:\/\/yoast.com\/product\/yoast-seo-wordpress\/ -->\n<title>Javeriana - Kindred Global<\/title>\n<meta name=\"robots\" content=\"index, follow, max-snippet:-1, max-image-preview:large, max-video-preview:-1\" \/>\n<link rel=\"canonical\" href=\"https:\/\/kindredglobal.org\/es\/javeriana\/\" \/>\n<meta property=\"og:locale\" content=\"es_ES\" \/>\n<meta property=\"og:type\" content=\"article\" \/>\n<meta property=\"og:title\" content=\"Javeriana - Kindred Global\" \/>\n<meta property=\"og:url\" content=\"https:\/\/kindredglobal.org\/es\/javeriana\/\" \/>\n<meta property=\"og:site_name\" content=\"Kindred Global\" \/>\n<meta property=\"article:modified_time\" content=\"2022-10-22T01:26:05+00:00\" \/>\n<meta property=\"og:image\" content=\"https:\/\/kindredglobal.org\/wp-content\/uploads\/2022\/10\/Javeriana.jpg\" \/>\n\t<meta property=\"og:image:width\" content=\"800\" \/>\n\t<meta property=\"og:image:height\" content=\"984\" \/>\n\t<meta property=\"og:image:type\" content=\"image\/jpeg\" \/>\n<meta name=\"twitter:card\" content=\"summary_large_image\" \/>\n<meta name=\"twitter:label1\" content=\"Tiempo de lectura\" \/>\n\t<meta name=\"twitter:data1\" content=\"2 minutos\" \/>\n<script type=\"application\/ld+json\" class=\"yoast-schema-graph\">{\"@context\":\"https:\\\/\\\/schema.org\",\"@graph\":[{\"@type\":\"WebPage\",\"@id\":\"https:\\\/\\\/kindredglobal.org\\\/es\\\/javeriana\\\/\",\"url\":\"https:\\\/\\\/kindredglobal.org\\\/es\\\/javeriana\\\/\",\"name\":\"Javeriana - Kindred Global\",\"isPartOf\":{\"@id\":\"https:\\\/\\\/kindredglobal.org\\\/#website\"},\"primaryImageOfPage\":{\"@id\":\"https:\\\/\\\/kindredglobal.org\\\/es\\\/javeriana\\\/#primaryimage\"},\"image\":{\"@id\":\"https:\\\/\\\/kindredglobal.org\\\/es\\\/javeriana\\\/#primaryimage\"},\"thumbnailUrl\":\"https:\\\/\\\/kindredglobal.org\\\/wp-content\\\/uploads\\\/2022\\\/10\\\/Javeriana.jpg\",\"datePublished\":\"2022-10-21T23:02:28+00:00\",\"dateModified\":\"2022-10-22T01:26:05+00:00\",\"breadcrumb\":{\"@id\":\"https:\\\/\\\/kindredglobal.org\\\/es\\\/javeriana\\\/#breadcrumb\"},\"inLanguage\":\"es-CO\",\"potentialAction\":[{\"@type\":\"ReadAction\",\"target\":[\"https:\\\/\\\/kindredglobal.org\\\/es\\\/javeriana\\\/\"]}]},{\"@type\":\"ImageObject\",\"inLanguage\":\"es-CO\",\"@id\":\"https:\\\/\\\/kindredglobal.org\\\/es\\\/javeriana\\\/#primaryimage\",\"url\":\"https:\\\/\\\/kindredglobal.org\\\/wp-content\\\/uploads\\\/2022\\\/10\\\/Javeriana.jpg\",\"contentUrl\":\"https:\\\/\\\/kindredglobal.org\\\/wp-content\\\/uploads\\\/2022\\\/10\\\/Javeriana.jpg\",\"width\":800,\"height\":984,\"caption\":\"Javeriana University Bogot\u00e1\"},{\"@type\":\"BreadcrumbList\",\"@id\":\"https:\\\/\\\/kindredglobal.org\\\/es\\\/javeriana\\\/#breadcrumb\",\"itemListElement\":[{\"@type\":\"ListItem\",\"position\":1,\"name\":\"Home\",\"item\":\"https:\\\/\\\/kindredglobal.org\\\/\"},{\"@type\":\"ListItem\",\"position\":2,\"name\":\"Javeriana\"}]},{\"@type\":\"WebSite\",\"@id\":\"https:\\\/\\\/kindredglobal.org\\\/#website\",\"url\":\"https:\\\/\\\/kindredglobal.org\\\/\",\"name\":\"Kindred Global\",\"description\":\"Working together for wellbeing\",\"potentialAction\":[{\"@type\":\"SearchAction\",\"target\":{\"@type\":\"EntryPoint\",\"urlTemplate\":\"https:\\\/\\\/kindredglobal.org\\\/?s={search_term_string}\"},\"query-input\":{\"@type\":\"PropertyValueSpecification\",\"valueRequired\":true,\"valueName\":\"search_term_string\"}}],\"inLanguage\":\"es-CO\"}]}<\/script>\n<!-- \/ Yoast SEO plugin. -->","yoast_head_json":{"title":"Javeriana - Kindred Global","robots":{"index":"index","follow":"follow","max-snippet":"max-snippet:-1","max-image-preview":"max-image-preview:large","max-video-preview":"max-video-preview:-1"},"canonical":"https:\/\/kindredglobal.org\/es\/javeriana\/","og_locale":"es_ES","og_type":"article","og_title":"Javeriana - Kindred Global","og_url":"https:\/\/kindredglobal.org\/es\/javeriana\/","og_site_name":"Kindred Global","article_modified_time":"2022-10-22T01:26:05+00:00","og_image":[{"width":800,"height":984,"url":"https:\/\/kindredglobal.org\/wp-content\/uploads\/2022\/10\/Javeriana.jpg","type":"image\/jpeg"}],"twitter_card":"summary_large_image","twitter_misc":{"Tiempo de lectura":"2 minutos"},"schema":{"@context":"https:\/\/schema.org","@graph":[{"@type":"WebPage","@id":"https:\/\/kindredglobal.org\/es\/javeriana\/","url":"https:\/\/kindredglobal.org\/es\/javeriana\/","name":"Javeriana - Kindred Global","isPartOf":{"@id":"https:\/\/kindredglobal.org\/#website"},"primaryImageOfPage":{"@id":"https:\/\/kindredglobal.org\/es\/javeriana\/#primaryimage"},"image":{"@id":"https:\/\/kindredglobal.org\/es\/javeriana\/#primaryimage"},"thumbnailUrl":"https:\/\/kindredglobal.org\/wp-content\/uploads\/2022\/10\/Javeriana.jpg","datePublished":"2022-10-21T23:02:28+00:00","dateModified":"2022-10-22T01:26:05+00:00","breadcrumb":{"@id":"https:\/\/kindredglobal.org\/es\/javeriana\/#breadcrumb"},"inLanguage":"es-CO","potentialAction":[{"@type":"ReadAction","target":["https:\/\/kindredglobal.org\/es\/javeriana\/"]}]},{"@type":"ImageObject","inLanguage":"es-CO","@id":"https:\/\/kindredglobal.org\/es\/javeriana\/#primaryimage","url":"https:\/\/kindredglobal.org\/wp-content\/uploads\/2022\/10\/Javeriana.jpg","contentUrl":"https:\/\/kindredglobal.org\/wp-content\/uploads\/2022\/10\/Javeriana.jpg","width":800,"height":984,"caption":"Javeriana University Bogot\u00e1"},{"@type":"BreadcrumbList","@id":"https:\/\/kindredglobal.org\/es\/javeriana\/#breadcrumb","itemListElement":[{"@type":"ListItem","position":1,"name":"Home","item":"https:\/\/kindredglobal.org\/"},{"@type":"ListItem","position":2,"name":"Javeriana"}]},{"@type":"WebSite","@id":"https:\/\/kindredglobal.org\/#website","url":"https:\/\/kindredglobal.org\/","name":"Kindred Global","description":"Working together for wellbeing","potentialAction":[{"@type":"SearchAction","target":{"@type":"EntryPoint","urlTemplate":"https:\/\/kindredglobal.org\/?s={search_term_string}"},"query-input":{"@type":"PropertyValueSpecification","valueRequired":true,"valueName":"search_term_string"}}],"inLanguage":"es-CO"}]}},"_links":{"self":[{"href":"https:\/\/kindredglobal.org\/es\/wp-json\/wp\/v2\/pages\/3907","targetHints":{"allow":["GET"]}}],"collection":[{"href":"https:\/\/kindredglobal.org\/es\/wp-json\/wp\/v2\/pages"}],"about":[{"href":"https:\/\/kindredglobal.org\/es\/wp-json\/wp\/v2\/types\/page"}],"author":[{"embeddable":true,"href":"https:\/\/kindredglobal.org\/es\/wp-json\/wp\/v2\/users\/1"}],"replies":[{"embeddable":true,"href":"https:\/\/kindredglobal.org\/es\/wp-json\/wp\/v2\/comments?post=3907"}],"version-history":[{"count":5,"href":"https:\/\/kindredglobal.org\/es\/wp-json\/wp\/v2\/pages\/3907\/revisions"}],"predecessor-version":[{"id":3915,"href":"https:\/\/kindredglobal.org\/es\/wp-json\/wp\/v2\/pages\/3907\/revisions\/3915"}],"wp:featuredmedia":[{"embeddable":true,"href":"https:\/\/kindredglobal.org\/es\/wp-json\/wp\/v2\/media\/3910"}],"wp:attachment":[{"href":"https:\/\/kindredglobal.org\/es\/wp-json\/wp\/v2\/media?parent=3907"}],"curies":[{"name":"wp","href":"https:\/\/api.w.org\/{rel}","templated":true}]}}